{"id":10029,"date":"2020-08-26T20:03:30","date_gmt":"2020-08-26T20:03:30","guid":{"rendered":"http:\/\/www.kendu.com\/?post_type=magazine&#038;p=10029"},"modified":"2020-11-27T11:54:43","modified_gmt":"2020-11-27T11:54:43","slug":"the-k-magazine","status":"publish","type":"magazine","link":"http:\/\/www.kendu.com\/fr\/tendences-et-nouvelles-retail\/the-k-magazine\/","title":{"rendered":"The K Magazine change"},"content":{"rendered":"  <section class=\"kn-featured-1\">\n    <div class=\"background-blur\" style=\"background-image: url(http:\/\/www.kendu.com\/wp-content\/uploads\/2020\/08\/The-K-Magazine-1.jpg)\"><\/div>\n    <div class=\"inner\">\n\n              <div class=\"upper\" data-aos=\"fade-up\" data-aos-delay=\"300\" data-aos-anchor=\".kn-featured-1\">\n          <span class=\"upper-title\">11 DE AO\u00dbT DE 2020<\/span>\n        <\/div>\n      \n              <div class=\"title\" data-aos=\"fade-up\" data-aos-delay=\"100\" data-aos-anchor=\".kn-featured-1\">\n          <h1 class=\"site-title\">THE K MAGAZINE CHANGE<\/h1>\n        <\/div>\n      \n      <div class=\"divider-1 divider-white\" data-aos=\"fade-up\" data-aos-delay=\"100\" data-aos-anchor=\".kn-featured-1\"><\/div>\n\n              <div class=\"cta\" data-aos=\"fade-up\" data-aos-delay=\"300\" data-aos-anchor=\".kn-featured-1\">\n          <span class=\"kn-button-1 hidden-button\"><\/span>\n        <\/div>\n          <\/div>\n\n    <div class=\"animation\"><\/div>\n\n  <\/section>\n\n\n\n<div class=\"wp-block-group post-container\"><div class=\"wp-block-group__inner-container is-layout-flow wp-block-group-is-layout-flow\">\n<p class=\"has-medium-font-size\">Nous savons que vous voulez plus d&rsquo;informations sur le secteur de la vente au d\u00e9tail et que vous le souhaitez maintenant. C\u2019est pourquoi nous changeons le fonctionnement du K Magazine. Nous allons maintenant publier num\u00e9riquement un aper\u00e7u plus concis et centr\u00e9 sur le secteur retail que vous pouvez t\u00e9l\u00e9charger via notre site Web. Inscrivez-vous \u00e0 notre Newsletter, afin de savoir quand la prochaine \u00e9dition sera disponible.<\/p>\n\n\n\n<div style=\"height:35px\" aria-hidden=\"true\" class=\"wp-block-spacer\"><\/div>\n\n\n\n<p class=\"has-medium-font-size\">T\u00e9l\u00e9chargez des exemplaires de The K Magazine ici. Pr\u00e9f\u00e9rez-vous recevoir une copie physique ? Contactez-nous \u00e0 info@kendu.com en indiquant vos coordonn\u00e9es et votre adresse postale.<\/p>\n\n\n\n<div style=\"height:90px\" aria-hidden=\"true\" class=\"wp-block-spacer\"><\/div>\n\n\n\n<h2 class=\"wp-block-heading\"><strong>The K Magazine #8<\/strong><\/h2>\n\n\n\n<p class=\"has-medium-font-size\">L\u2019axe centrale du magazine se base dans la Collaboration, un concept \u00e0 la mode qui suppose un changement de paradigme dans la strat\u00e9gie commerciale des grandes marques. Ne ratez pas l\u2019article sur le Coworking et Kool, le premier espace collaboratif de retail en Espagne. Javier Pe\u00f1a, directeur g\u00e9n\u00e9ral et scientifique d\u2019Elisava propose une int\u00e9ressante interview.<\/p>\n\n\n\n<div style=\"height:60px\" aria-hidden=\"true\" class=\"wp-block-spacer\"><\/div>\n\n\n\n<div class=\"wp-block-buttons is-content-justification-center is-layout-flex wp-block-buttons-is-layout-flex\">\n<div class=\"wp-block-button\"><a class=\"wp-block-button__link no-border-radius\" href=\"\/?page_id=5366&amp;attach=8526\" target=\"_blank\" rel=\"noreferrer noopener\">T\u00c9L\u00c9CHARGER<\/a><\/div>\n<\/div>\n\n\n\n<div style=\"height:90px\" aria-hidden=\"true\" class=\"wp-block-spacer\"><\/div>\n\n\n\n<h2 class=\"wp-block-heading\"><strong><strong>The K Magazine #7<\/strong><\/strong><\/h2>\n\n\n\n<p class=\"has-medium-font-size\">Plus de 71% des consommateurs d\u00e9clarent tenir compte l&rsquo;impact environnemental de leurs achats et exigent de la transparence et l&rsquo;action des marques. En r\u00e9ponse, les d\u00e9taillants doivent placer les valeurs environnementales au centre de leur mod\u00e8le d&rsquo;entreprise. Nous remercions I\u00f1igo Larraya, directeur de la RDC et d\u00e9veloppement durable de L&rsquo;Or\u00e9al Espagne, d\u2019un entretien aussi int\u00e9ressant.<\/p>\n\n\n\n<div style=\"height:60px\" aria-hidden=\"true\" class=\"wp-block-spacer\"><\/div>\n\n\n\n<div class=\"wp-block-buttons is-content-justification-center is-layout-flex wp-block-buttons-is-layout-flex\">\n<div class=\"wp-block-button\"><a class=\"wp-block-button__link no-border-radius\" href=\"\/?page_id=5366&amp;attach=8529\" target=\"_blank\" rel=\"noreferrer noopener\">T\u00c9L\u00c9CHARGER<\/a><\/div>\n<\/div>\n\n\n\n<div style=\"height:90px\" aria-hidden=\"true\" class=\"wp-block-spacer\"><\/div>\n\n\n\n<h2 class=\"wp-block-heading\"><strong><strong>The K Magazine #6<\/strong><\/strong><\/h2>\n\n\n\n<p class=\"has-medium-font-size\">Nous analysons le concept de Customer Experience ; tout un changement de mentalit\u00e9. Nous avons interview\u00e9 deux experts dans le domaine : Tim Morey et Scott King, responsables de la conception et de la strat\u00e9gie de Customer Experiences chez frog, qui nous ont parl\u00e9 des tendances et des \u00e9l\u00e9ments cl\u00e9s permettant \u00e0 une marque d&rsquo;adopter la transformation.<\/p>\n\n\n\n<div style=\"height:60px\" aria-hidden=\"true\" class=\"wp-block-spacer\"><\/div>\n\n\n\n<div class=\"wp-block-buttons is-content-justification-center is-layout-flex wp-block-buttons-is-layout-flex\">\n<div class=\"wp-block-button\"><a class=\"wp-block-button__link no-border-radius\" href=\"\/?page_id=5366&amp;attach=8535\" target=\"_blank\" rel=\"noreferrer noopener\">T\u00c9L\u00c9CHARGER<\/a><\/div>\n<\/div>\n\n\n\n<div style=\"height:90px\" aria-hidden=\"true\" class=\"wp-block-spacer\"><\/div>\n\n\n\n<h2 class=\"wp-block-heading\"><strong>The K Magazine #5<\/strong><\/h2>\n\n\n\n<p class=\"has-medium-font-size\">L&rsquo;omnicanalit\u00e9, la transformation num\u00e9rique, l&rsquo;hyperpersonnalisation et les achats sociaux sont des questions qui transforment le commerce de d\u00e9tail. Dans cette \u00e9dition, nous voulions avoir une vue compl\u00e8te et analyser l&rsquo;influence et l&rsquo;impact de la technologie dans le secteur. Jos\u00e9 \u00c1valos, vice-pr\u00e9sident du groupe IOT et directeur mondial Visual Retail de Intel, propose une magnifique interview.<\/p>\n\n\n\n<div style=\"height:60px\" aria-hidden=\"true\" class=\"wp-block-spacer\"><\/div>\n\n\n\n<div class=\"wp-block-buttons is-content-justification-center is-layout-flex wp-block-buttons-is-layout-flex\">\n<div class=\"wp-block-button\"><a class=\"wp-block-button__link no-border-radius\" href=\"\/?page_id=5366&amp;attach=8538\" target=\"_blank\" rel=\"noreferrer noopener\">T\u00c9L\u00c9CHARGER<\/a><\/div>\n<\/div>\n\n\n\n<div style=\"height:90px\" aria-hidden=\"true\" class=\"wp-block-spacer\"><\/div>\n\n\n\n<h2 class=\"wp-block-heading\"><strong>The K Magazine #4<\/strong><\/h2>\n\n\n\n<p class=\"has-medium-font-size\">Saviez-vous que l&rsquo;industrie cr\u00e9ative emploie plus de 7,7 millions de personnes en Europe? Compte tenu de l\u2019\u00e9volution constante du secteur de la vente au d\u00e9tail, il est essentiel d\u2019\u00eatre cr\u00e9atif pour s\u2019adapter aux nouvelles tendances. Nous allons explorer le concept d&rsquo;\u00e9conomie cr\u00e9ative, son influence et ses effets sur la sc\u00e8ne internationale, et en apprendre davantage sur la prestigieuse cr\u00e9atrice de mode Edeline Lee.<\/p>\n\n\n\n<div style=\"height:60px\" aria-hidden=\"true\" class=\"wp-block-spacer\"><\/div>\n\n\n\n<div class=\"wp-block-buttons is-content-justification-center is-layout-flex wp-block-buttons-is-layout-flex\">\n<div class=\"wp-block-button\"><a class=\"wp-block-button__link no-border-radius\" href=\"\/?page_id=5366&amp;attach=8523\" target=\"_blank\" rel=\"noreferrer noopener\">T\u00c9L\u00c9CHARGER<\/a><\/div>\n<\/div>\n\n\n\n<div style=\"height:90px\" aria-hidden=\"true\" class=\"wp-block-spacer\"><\/div>\n\n\n\n<h2 class=\"wp-block-heading\"><strong>The K Magazine #<\/strong>3<\/h2>\n\n\n\n<p class=\"has-medium-font-size\">In tribute to the fight for gender equality, this edition is dedicated to Women in Retail. Meet award-winning fashion journalist Pilar Ria\u00f1o from modaes.es, discover the different in-store habits of male and female shoppers and uncover secrets to success of some of retail\u2019s most powerful women.<\/p>\n\n\n\n<div style=\"height:60px\" aria-hidden=\"true\" class=\"wp-block-spacer\"><\/div>\n\n\n\n<div class=\"wp-block-buttons is-content-justification-center is-layout-flex wp-block-buttons-is-layout-flex\">\n<div class=\"wp-block-button\"><a class=\"wp-block-button__link no-border-radius\" href=\"\/?page_id=5366&amp;attach=8520\" target=\"_blank\" rel=\"noreferrer noopener\">T\u00c9L\u00c9CHARGER<\/a><\/div>\n<\/div>\n\n\n\n<div style=\"height:90px\" aria-hidden=\"true\" class=\"wp-block-spacer\"><\/div>\n\n\n\n<h2 class=\"wp-block-heading\"><strong>The K Magazine #<\/strong>2<\/h2>\n\n\n\n<p class=\"has-medium-font-size\">Packed full of insights and inspiration for the retail sector. Discover the world\u2019s best shopping streets, be inspired by the latest VM trends and trace the history of retail back to 1000 AD. Don\u2019t miss out on our interview with Miguel Angel Zamorano, Director of Store Management at Marketing at Grupo Uvesco.<\/p>\n\n\n\n<div style=\"height:60px\" aria-hidden=\"true\" class=\"wp-block-spacer\"><\/div>\n\n\n\n<div class=\"wp-block-buttons is-content-justification-center is-layout-flex wp-block-buttons-is-layout-flex\">\n<div class=\"wp-block-button\"><a class=\"wp-block-button__link no-border-radius\" href=\"\/?page_id=5366&amp;attach=8532\" target=\"_blank\" rel=\"noreferrer noopener\">T\u00c9L\u00c9CHARGER<\/a><\/div>\n<\/div>\n\n\n\n<div style=\"height:90px\" aria-hidden=\"true\" class=\"wp-block-spacer\"><\/div>\n\n\n\n<h2 class=\"wp-block-heading\"><strong>The K Magazine #<\/strong>1<\/h2>\n\n\n\n<p class=\"has-medium-font-size\">In the inaugural edition, in addition to pretty pages for VM inspiration and up-to-date retail sector news, we delve deep into the depths of our factory to interview Mikel Lazkano who celebrated his tenth anniversary in 2017. Check out our shopping guide to NYC, your ultimate guide to the Big Apple.<\/p>\n\n\n\n<div style=\"height:60px\" aria-hidden=\"true\" class=\"wp-block-spacer\"><\/div>\n\n\n\n<div class=\"wp-block-buttons is-content-justification-center is-layout-flex wp-block-buttons-is-layout-flex\">\n<div class=\"wp-block-button\"><a class=\"wp-block-button__link no-border-radius\" href=\"\/?page_id=5366&amp;attach=8547\" target=\"_blank\" rel=\"noreferrer noopener\">T\u00c9L\u00c9CHARGER<\/a><\/div>\n<\/div>\n<\/div><\/div>\n\n\n\n<p><\/p>\n","protected":false},"excerpt":{"rendered":"<p>Nous savons que vous voulez plus d&rsquo;informations sur le secteur de la vente au d\u00e9tail et que vous le souhaitez maintenant. C\u2019est pourquoi nous changeons le fonctionnement du K Magazine. Nous allons maintenant publier num\u00e9riquement un aper\u00e7u plus concis et centr\u00e9 sur le secteur retail que vous pouvez t\u00e9l\u00e9charger via notre site Web. Inscrivez-vous \u00e0 [&hellip;]<\/p>\n","protected":false},"author":2,"featured_media":8569,"template":"","meta":{"_acf_changed":false,"inline_featured_image":false,"_uf_show_specific_survey":0,"_uf_disable_surveys":false,"footnotes":""},"categories":[66],"mag-tags":[],"class_list":["post-10029","magazine","type-magazine","status-publish","has-post-thumbnail","hentry","category-corporate-fr"],"acf":[],"aioseo_notices":[],"yoast_head":"<!-- This site is optimized with the Yoast SEO plugin v25.6 - https:\/\/yoast.com\/wordpress\/plugins\/seo\/ -->\n<title>The K Magazine change | Kendu<\/title>\n<meta name=\"description\" content=\"Nous savons que vous voulez plus d&#039;informations sur le secteur de la vente au d\u00e9tail et que vous le souhaitez maintenant...\" \/>\n<meta name=\"robots\" content=\"index, follow, max-snippet:-1, max-image-preview:large, max-video-preview:-1\" \/>\n<link rel=\"canonical\" href=\"http:\/\/www.kendu.com\/fr\/tendences-et-nouvelles-retail\/the-k-magazine\/\" \/>\n<meta property=\"og:locale\" content=\"fr_FR\" \/>\n<meta property=\"og:type\" content=\"article\" \/>\n<meta property=\"og:title\" content=\"The K Magazine change | Kendu\" \/>\n<meta property=\"og:description\" content=\"Nous savons que vous voulez plus d&#039;informations sur le secteur de la vente au d\u00e9tail et que vous le souhaitez maintenant...\" \/>\n<meta property=\"og:url\" content=\"http:\/\/www.kendu.com\/fr\/tendences-et-nouvelles-retail\/the-k-magazine\/\" \/>\n<meta property=\"og:site_name\" content=\"Kendu\" \/>\n<meta property=\"article:modified_time\" content=\"2020-11-27T11:54:43+00:00\" \/>\n<meta property=\"og:image\" content=\"https:\/\/www.kendu.com\/wp-content\/uploads\/2020\/08\/k-magazine.jpg\" \/>\n\t<meta property=\"og:image:width\" content=\"500\" \/>\n\t<meta property=\"og:image:height\" content=\"500\" \/>\n\t<meta property=\"og:image:type\" content=\"image\/jpeg\" \/>\n<meta name=\"twitter:card\" content=\"summary_large_image\" \/>\n<meta name=\"twitter:site\" content=\"@kenduinstore\" \/>\n<meta name=\"twitter:label1\" content=\"Dur\u00e9e de lecture estim\u00e9e\" \/>\n\t<meta name=\"twitter:data1\" content=\"3 minutes\" \/>\n<script type=\"application\/ld+json\" class=\"yoast-schema-graph\">{\"@context\":\"https:\/\/schema.org\",\"@graph\":[{\"@type\":\"WebPage\",\"@id\":\"http:\/\/www.kendu.com\/fr\/tendences-et-nouvelles-retail\/the-k-magazine\/\",\"url\":\"http:\/\/www.kendu.com\/fr\/tendences-et-nouvelles-retail\/the-k-magazine\/\",\"name\":\"The K Magazine change | Kendu\",\"isPartOf\":{\"@id\":\"https:\/\/www.kendu.com\/fr\/#website\"},\"primaryImageOfPage\":{\"@id\":\"http:\/\/www.kendu.com\/fr\/tendences-et-nouvelles-retail\/the-k-magazine\/#primaryimage\"},\"image\":{\"@id\":\"http:\/\/www.kendu.com\/fr\/tendences-et-nouvelles-retail\/the-k-magazine\/#primaryimage\"},\"thumbnailUrl\":\"http:\/\/www.kendu.com\/wp-content\/uploads\/2020\/08\/k-magazine.jpg\",\"datePublished\":\"2020-08-26T20:03:30+00:00\",\"dateModified\":\"2020-11-27T11:54:43+00:00\",\"description\":\"Nous savons que vous voulez plus d'informations sur le secteur de la vente au d\u00e9tail et que vous le souhaitez maintenant...\",\"breadcrumb\":{\"@id\":\"http:\/\/www.kendu.com\/fr\/tendences-et-nouvelles-retail\/the-k-magazine\/#breadcrumb\"},\"inLanguage\":\"fr-FR\",\"potentialAction\":[{\"@type\":\"ReadAction\",\"target\":[\"http:\/\/www.kendu.com\/fr\/tendences-et-nouvelles-retail\/the-k-magazine\/\"]}]},{\"@type\":\"ImageObject\",\"inLanguage\":\"fr-FR\",\"@id\":\"http:\/\/www.kendu.com\/fr\/tendences-et-nouvelles-retail\/the-k-magazine\/#primaryimage\",\"url\":\"http:\/\/www.kendu.com\/wp-content\/uploads\/2020\/08\/k-magazine.jpg\",\"contentUrl\":\"http:\/\/www.kendu.com\/wp-content\/uploads\/2020\/08\/k-magazine.jpg\",\"width\":500,\"height\":500,\"caption\":\"k mag\"},{\"@type\":\"BreadcrumbList\",\"@id\":\"http:\/\/www.kendu.com\/fr\/tendences-et-nouvelles-retail\/the-k-magazine\/#breadcrumb\",\"itemListElement\":[{\"@type\":\"ListItem\",\"position\":1,\"name\":\"Home\",\"item\":\"https:\/\/www.kendu.com\/fr\/\"},{\"@type\":\"ListItem\",\"position\":2,\"name\":\"Magazine\",\"item\":\"http:\/\/www.kendu.com\/fr\/tendences-et-nouvelles-retail\/\"},{\"@type\":\"ListItem\",\"position\":3,\"name\":\"The K Magazine change\"}]},{\"@type\":\"WebSite\",\"@id\":\"https:\/\/www.kendu.com\/fr\/#website\",\"url\":\"https:\/\/www.kendu.com\/fr\/\",\"name\":\"Kendu\",\"description\":\"In-store Visual Solutions\",\"publisher\":{\"@id\":\"https:\/\/www.kendu.com\/fr\/#organization\"},\"potentialAction\":[{\"@type\":\"SearchAction\",\"target\":{\"@type\":\"EntryPoint\",\"urlTemplate\":\"https:\/\/www.kendu.com\/fr\/?s={search_term_string}\"},\"query-input\":{\"@type\":\"PropertyValueSpecification\",\"valueRequired\":true,\"valueName\":\"search_term_string\"}}],\"inLanguage\":\"fr-FR\"},{\"@type\":\"Organization\",\"@id\":\"https:\/\/www.kendu.com\/fr\/#organization\",\"name\":\"Kendu\",\"url\":\"https:\/\/www.kendu.com\/fr\/\",\"logo\":{\"@type\":\"ImageObject\",\"inLanguage\":\"fr-FR\",\"@id\":\"https:\/\/www.kendu.com\/fr\/#\/schema\/logo\/image\/\",\"url\":\"http:\/\/www.kendu.com\/wp-content\/uploads\/2020\/07\/logo-black.svg\",\"contentUrl\":\"http:\/\/www.kendu.com\/wp-content\/uploads\/2020\/07\/logo-black.svg\",\"width\":120,\"height\":32,\"caption\":\"Kendu\"},\"image\":{\"@id\":\"https:\/\/www.kendu.com\/fr\/#\/schema\/logo\/image\/\"},\"sameAs\":[\"https:\/\/x.com\/kenduinstore\",\"https:\/\/www.instagram.com\/kenduinstore\/\",\"https:\/\/www.linkedin.com\/company\/kenduinstore\/\"]}]}<\/script>\n<!-- \/ Yoast SEO plugin. -->","yoast_head_json":{"title":"The K Magazine change | Kendu","description":"Nous savons que vous voulez plus d'informations sur le secteur de la vente au d\u00e9tail et que vous le souhaitez maintenant...","robots":{"index":"index","follow":"follow","max-snippet":"max-snippet:-1","max-image-preview":"max-image-preview:large","max-video-preview":"max-video-preview:-1"},"canonical":"http:\/\/www.kendu.com\/fr\/tendences-et-nouvelles-retail\/the-k-magazine\/","og_locale":"fr_FR","og_type":"article","og_title":"The K Magazine change | Kendu","og_description":"Nous savons que vous voulez plus d'informations sur le secteur de la vente au d\u00e9tail et que vous le souhaitez maintenant...","og_url":"http:\/\/www.kendu.com\/fr\/tendences-et-nouvelles-retail\/the-k-magazine\/","og_site_name":"Kendu","article_modified_time":"2020-11-27T11:54:43+00:00","og_image":[{"width":500,"height":500,"url":"https:\/\/www.kendu.com\/wp-content\/uploads\/2020\/08\/k-magazine.jpg","type":"image\/jpeg"}],"twitter_card":"summary_large_image","twitter_site":"@kenduinstore","twitter_misc":{"Dur\u00e9e de lecture estim\u00e9e":"3 minutes"},"schema":{"@context":"https:\/\/schema.org","@graph":[{"@type":"WebPage","@id":"http:\/\/www.kendu.com\/fr\/tendences-et-nouvelles-retail\/the-k-magazine\/","url":"http:\/\/www.kendu.com\/fr\/tendences-et-nouvelles-retail\/the-k-magazine\/","name":"The K Magazine change | Kendu","isPartOf":{"@id":"https:\/\/www.kendu.com\/fr\/#website"},"primaryImageOfPage":{"@id":"http:\/\/www.kendu.com\/fr\/tendences-et-nouvelles-retail\/the-k-magazine\/#primaryimage"},"image":{"@id":"http:\/\/www.kendu.com\/fr\/tendences-et-nouvelles-retail\/the-k-magazine\/#primaryimage"},"thumbnailUrl":"http:\/\/www.kendu.com\/wp-content\/uploads\/2020\/08\/k-magazine.jpg","datePublished":"2020-08-26T20:03:30+00:00","dateModified":"2020-11-27T11:54:43+00:00","description":"Nous savons que vous voulez plus d'informations sur le secteur de la vente au d\u00e9tail et que vous le souhaitez maintenant...","breadcrumb":{"@id":"http:\/\/www.kendu.com\/fr\/tendences-et-nouvelles-retail\/the-k-magazine\/#breadcrumb"},"inLanguage":"fr-FR","potentialAction":[{"@type":"ReadAction","target":["http:\/\/www.kendu.com\/fr\/tendences-et-nouvelles-retail\/the-k-magazine\/"]}]},{"@type":"ImageObject","inLanguage":"fr-FR","@id":"http:\/\/www.kendu.com\/fr\/tendences-et-nouvelles-retail\/the-k-magazine\/#primaryimage","url":"http:\/\/www.kendu.com\/wp-content\/uploads\/2020\/08\/k-magazine.jpg","contentUrl":"http:\/\/www.kendu.com\/wp-content\/uploads\/2020\/08\/k-magazine.jpg","width":500,"height":500,"caption":"k mag"},{"@type":"BreadcrumbList","@id":"http:\/\/www.kendu.com\/fr\/tendences-et-nouvelles-retail\/the-k-magazine\/#breadcrumb","itemListElement":[{"@type":"ListItem","position":1,"name":"Home","item":"https:\/\/www.kendu.com\/fr\/"},{"@type":"ListItem","position":2,"name":"Magazine","item":"http:\/\/www.kendu.com\/fr\/tendences-et-nouvelles-retail\/"},{"@type":"ListItem","position":3,"name":"The K Magazine change"}]},{"@type":"WebSite","@id":"https:\/\/www.kendu.com\/fr\/#website","url":"https:\/\/www.kendu.com\/fr\/","name":"Kendu","description":"In-store Visual Solutions","publisher":{"@id":"https:\/\/www.kendu.com\/fr\/#organization"},"potentialAction":[{"@type":"SearchAction","target":{"@type":"EntryPoint","urlTemplate":"https:\/\/www.kendu.com\/fr\/?s={search_term_string}"},"query-input":{"@type":"PropertyValueSpecification","valueRequired":true,"valueName":"search_term_string"}}],"inLanguage":"fr-FR"},{"@type":"Organization","@id":"https:\/\/www.kendu.com\/fr\/#organization","name":"Kendu","url":"https:\/\/www.kendu.com\/fr\/","logo":{"@type":"ImageObject","inLanguage":"fr-FR","@id":"https:\/\/www.kendu.com\/fr\/#\/schema\/logo\/image\/","url":"http:\/\/www.kendu.com\/wp-content\/uploads\/2020\/07\/logo-black.svg","contentUrl":"http:\/\/www.kendu.com\/wp-content\/uploads\/2020\/07\/logo-black.svg","width":120,"height":32,"caption":"Kendu"},"image":{"@id":"https:\/\/www.kendu.com\/fr\/#\/schema\/logo\/image\/"},"sameAs":["https:\/\/x.com\/kenduinstore","https:\/\/www.instagram.com\/kenduinstore\/","https:\/\/www.linkedin.com\/company\/kenduinstore\/"]}]}},"_links":{"self":[{"href":"http:\/\/www.kendu.com\/fr\/wp-json\/wp\/v2\/magazine\/10029","targetHints":{"allow":["GET"]}}],"collection":[{"href":"http:\/\/www.kendu.com\/fr\/wp-json\/wp\/v2\/magazine"}],"about":[{"href":"http:\/\/www.kendu.com\/fr\/wp-json\/wp\/v2\/types\/magazine"}],"author":[{"embeddable":true,"href":"http:\/\/www.kendu.com\/fr\/wp-json\/wp\/v2\/users\/2"}],"version-history":[{"count":0,"href":"http:\/\/www.kendu.com\/fr\/wp-json\/wp\/v2\/magazine\/10029\/revisions"}],"wp:featuredmedia":[{"embeddable":true,"href":"http:\/\/www.kendu.com\/fr\/wp-json\/wp\/v2\/media\/8569"}],"wp:attachment":[{"href":"http:\/\/www.kendu.com\/fr\/wp-json\/wp\/v2\/media?parent=10029"}],"wp:term":[{"taxonomy":"category","embeddable":true,"href":"http:\/\/www.kendu.com\/fr\/wp-json\/wp\/v2\/categories?post=10029"},{"taxonomy":"mag-tags","embeddable":true,"href":"http:\/\/www.kendu.com\/fr\/wp-json\/wp\/v2\/mag-tags?post=10029"}],"curies":[{"name":"wp","href":"https:\/\/api.w.org\/{rel}","templated":true}]}}